{"id":34,"date":"2023-08-14T22:56:10","date_gmt":"2023-08-14T22:56:10","guid":{"rendered":"http:\/\/www.enfermeria.umich.mx\/?page_id=34"},"modified":"2026-03-24T13:29:43","modified_gmt":"2026-03-24T19:29:43","slug":"oferta-educativa","status":"publish","type":"page","link":"http:\/\/www.enfermeria.umich.mx\/index.php\/oferta-educativa\/","title":{"rendered":"Oferta Educativa"},"content":{"rendered":"\n<div class=\"wp-block-stackable-columns stk-block-columns stk-block stk-b8187aa\" data-block-id=\"b8187aa\"><style>.stk-b8187aa {margin-bottom:0px !important;}.stk-b8187aa-column{--stk-column-gap:40px !important;}<\/style><div class=\"stk-row stk-inner-blocks stk-block-content stk-content-align stk-b8187aa-column\">\n<div class=\"wp-block-stackable-column stk-block-column stk-column stk-block stk-81143ae\" data-v=\"4\" data-block-id=\"81143ae\"><style>.stk-81143ae-container{margin-top:0px !important;margin-right:0px !important;margin-left:0px !important;}@media screen and (min-width: 768px){.stk-81143ae {flex:var(--stk-flex-grow, 1) 1 calc(50% - var(--stk-column-gap, 0px) * 1 \/ 2 ) !important;}}<\/style><div class=\"stk-column-wrapper stk-block-column__content stk-container stk-81143ae-container stk--no-background stk--no-padding\"><div class=\"stk-block-content stk-inner-blocks stk-81143ae-inner-blocks\">\n<p>La Universidad Michoacana busca <strong>formar profesionales <\/strong>con altos valores c\u00edvicos y gran capacidad de adaptarse a los retos actuales. Para ello, es necesario que desarrollen habilidades y competencias para la formaci\u00f3n integral tales como:<\/p>\n\n\n\n<ul class=\"wp-block-list\">\n<li><strong>Habilidades intelectuales.<\/strong> Entre las que se destacan s\u00edntesis, comprensi\u00f3n percepci\u00f3n, an\u00e1lisis, pensamiento cr\u00edtico, toma de decisiones, expresi\u00f3n oral y escrita; as\u00ed como el reconocimiento de las emociones para llegar a la regulaci\u00f3n emocional.<br><\/li>\n\n\n\n<li><strong>Habilidades de actualizaci\u00f3n.<\/strong> Para adaptarse a las problem\u00e1ticas actuales y futuras se promueven aquellas que contribuye en la adquisici\u00f3n de un nuevo conocimiento tales como actualizaci\u00f3n constante de informaci\u00f3n, habilidades manuales y tecnol\u00f3gicas.<br><\/li>\n\n\n\n<li><strong>Habilidades sociales complejas.<\/strong> Capacidad de autoan\u00e1lisis y relacionarse sanamente con su entorno entre las que se encuentran: empat\u00eda, inteligencia emocional, comunicaci\u00f3n, identificar problemas y proponer soluciones.<\/li>\n<\/ul>\n\n\n\n<p>La <strong>Identidad Nicola\u00edta <\/strong>expresa que <strong>la educaci\u00f3n es un factor de transformaci\u00f3n social.<\/strong> Se propone el desarrollo de un pensamiento democr\u00e1tico como expresi\u00f3n de un modelo institucional. As\u00ed, los programas que la Facultad de Enfermer\u00eda ofrece se comprometen con la <strong>excelencia y la innovaci\u00f3n<\/strong>, que gu\u00edan las acciones de la comunidad educativa y orientan nuestro camino hacia el futuro.<\/p>\n\n\n\n<p>Los programas que ofrece la Facultad de Enfermer\u00eda son los siguientes:<\/p>\n\n\n\n<ul class=\"wp-block-list\">\n<li><strong>Licenciatura<\/strong> en Enfermer\u00eda<\/li>\n\n\n\n<li>Programa <strong>Complementario d<\/strong>e Lic. en Enf.<\/li>\n\n\n\n<li><strong>Especialidades<\/strong> en Enfermer\u00eda<\/li>\n\n\n\n<li><strong>Maestr\u00eda <\/strong>en Enfermer\u00eda (Profesionalizante)<\/li>\n<\/ul>\n<\/div><\/div><\/div>\n\n\n\n<div class=\"wp-block-stackable-column stk-block-column stk-column stk-block stk-d634df2\" data-v=\"4\" data-block-id=\"d634df2\"><style>.stk-d634df2-container{margin-top:0px !important;margin-right:0px !important;margin-bottom:0px !important;margin-left:0px !important;}.stk-d634df2-inner-blocks{align-items:center !important;}@media screen and (min-width: 768px){.stk-d634df2 {flex:var(--stk-flex-grow, 1) 1 calc(50% - var(--stk-column-gap, 0px) * 1 \/ 2 ) !important;}}<\/style><div class=\"stk-column-wrapper stk-block-column__content stk-container stk-d634df2-container stk--no-background stk--no-padding\"><div class=\"has-text-align-center stk--column-flex stk-block-content stk-inner-blocks stk-d634df2-inner-blocks\">\n<figure class=\"wp-block-image aligncenter size-large\" style=\"margin-top:var(--wp--preset--spacing--x-small);margin-right:0;margin-bottom:var(--wp--preset--spacing--x-small);margin-left:0\"><img loading=\"lazy\" decoding=\"async\" width=\"981\" height=\"1024\" data-attachment-id=\"6163\" data-permalink=\"http:\/\/www.enfermeria.umich.mx\/index.php\/oferta-educativa\/oferta-educativa0-5x-3\/\" data-orig-file=\"http:\/\/www.enfermeria.umich.mx\/wp-content\/uploads\/2026\/03\/oferta-educativa@0.5x-1.png\" data-orig-size=\"1500,1566\" data-comments-opened=\"1\" data-image-meta=\"{&quot;aperture&quot;:&quot;0&quot;,&quot;credit&quot;:&quot;&quot;,&quot;camera&quot;:&quot;&quot;,&quot;caption&quot;:&quot;&quot;,&quot;created_timestamp&quot;:&quot;0&quot;,&quot;copyright&quot;:&quot;&quot;,&quot;focal_length&quot;:&quot;0&quot;,&quot;iso&quot;:&quot;0&quot;,&quot;shutter_speed&quot;:&quot;0&quot;,&quot;title&quot;:&quot;&quot;,&quot;orientation&quot;:&quot;0&quot;}\" data-image-title=\"oferta educativa@0.5x\" data-image-description=\"\" data-image-caption=\"\" data-large-file=\"http:\/\/www.enfermeria.umich.mx\/wp-content\/uploads\/2026\/03\/oferta-educativa@0.5x-1-981x1024.png\" src=\"http:\/\/www.enfermeria.umich.mx\/wp-content\/uploads\/2026\/03\/oferta-educativa@0.5x-1-981x1024.png\" alt=\"\" class=\"wp-image-6163\" style=\"aspect-ratio:0.922856631465903;object-fit:cover\" srcset=\"http:\/\/www.enfermeria.umich.mx\/wp-content\/uploads\/2026\/03\/oferta-educativa@0.5x-1-981x1024.png 981w, http:\/\/www.enfermeria.umich.mx\/wp-content\/uploads\/2026\/03\/oferta-educativa@0.5x-1-287x300.png 287w, http:\/\/www.enfermeria.umich.mx\/wp-content\/uploads\/2026\/03\/oferta-educativa@0.5x-1.png 1500w\" sizes=\"auto, (max-width: 981px) 100vw, 981px\" \/><\/figure>\n<\/div><\/div><\/div>\n<\/div><\/div>\n\n\n\n<div class=\"wp-block-stackable-columns stk-block-columns stk-block stk-7c2e93c\" data-block-id=\"7c2e93c\"><style>.stk-7c2e93c {margin-bottom:40px !important;}<\/style><div class=\"stk-row stk-inner-blocks stk-block-content stk-content-align stk-7c2e93c-column\">\n<div class=\"wp-block-stackable-column stk-block-column stk-column stk-block stk-4174247\" data-v=\"4\" data-block-id=\"4174247\"><style>@media screen and (min-width: 768px){.stk-4174247 {flex:var(--stk-flex-grow, 1) 1 calc(44.19999999999999% - var(--stk-column-gap, 0px) * 1 \/ 2 ) !important;}}<\/style><div class=\"stk-column-wrapper stk-block-column__content stk-container stk-4174247-container stk--no-background stk--no-padding\"><div class=\"stk-block-content stk-inner-blocks stk-4174247-inner-blocks\">\n<figure class=\"wp-block-image alignleft size-full is-resized\" style=\"margin-top:var(--wp--preset--spacing--x-small);margin-right:0;margin-bottom:var(--wp--preset--spacing--x-small);margin-left:0\"><img loading=\"lazy\" decoding=\"async\" width=\"800\" height=\"1264\" data-attachment-id=\"6168\" data-permalink=\"http:\/\/www.enfermeria.umich.mx\/index.php\/oferta-educativa\/arbol\/\" data-orig-file=\"http:\/\/www.enfermeria.umich.mx\/wp-content\/uploads\/2026\/03\/arbol.png\" data-orig-size=\"800,1264\" data-comments-opened=\"1\" data-image-meta=\"{&quot;aperture&quot;:&quot;0&quot;,&quot;credit&quot;:&quot;&quot;,&quot;camera&quot;:&quot;&quot;,&quot;caption&quot;:&quot;&quot;,&quot;created_timestamp&quot;:&quot;0&quot;,&quot;copyright&quot;:&quot;&quot;,&quot;focal_length&quot;:&quot;0&quot;,&quot;iso&quot;:&quot;0&quot;,&quot;shutter_speed&quot;:&quot;0&quot;,&quot;title&quot;:&quot;&quot;,&quot;orientation&quot;:&quot;0&quot;}\" data-image-title=\"arbol\" data-image-description=\"\" data-image-caption=\"\" data-large-file=\"http:\/\/www.enfermeria.umich.mx\/wp-content\/uploads\/2026\/03\/arbol-648x1024.png\" src=\"http:\/\/www.enfermeria.umich.mx\/wp-content\/uploads\/2026\/03\/arbol.png\" alt=\"\" class=\"wp-image-6168\" style=\"aspect-ratio:0.6328160549810924;width:556px;height:auto\" srcset=\"http:\/\/www.enfermeria.umich.mx\/wp-content\/uploads\/2026\/03\/arbol.png 800w, http:\/\/www.enfermeria.umich.mx\/wp-content\/uploads\/2026\/03\/arbol-190x300.png 190w, http:\/\/www.enfermeria.umich.mx\/wp-content\/uploads\/2026\/03\/arbol-648x1024.png 648w\" sizes=\"auto, (max-width: 800px) 100vw, 800px\" \/><\/figure>\n<\/div><\/div><\/div>\n\n\n\n<div class=\"wp-block-stackable-column stk-block-column stk-column stk-block stk-508de47 stk-block-background\" data-v=\"4\" data-block-id=\"508de47\"><style>.stk-508de47-container{margin-top:20px !important;margin-right:20px !important;margin-bottom:20px !important;margin-left:20px !important;}.stk-508de47 {background-color:#49656b !important;padding-top:25px !important;padding-right:25px !important;padding-bottom:25px !important;padding-left:25px !important;}.stk-508de47:before{background-color:#49656b !important;}@media screen and (min-width: 768px){.stk-508de47 {flex:var(--stk-flex-grow, 1) 1 calc(55.80000000000001% - var(--stk-column-gap, 0px) * 1 \/ 2 ) !important;}}<\/style><div class=\"stk-column-wrapper stk-block-column__content stk-container stk-508de47-container stk--no-background stk--no-padding\"><div class=\"stk-block-content stk-inner-blocks stk-508de47-inner-blocks\">\n<h2 class=\"wp-block-heading has-white-color has-text-color has-link-color wp-elements-a48a5eb41abb25de980f47f6fcb42ac7\"><strong>Modelo Educativo<\/strong><\/h2>\n\n\n\n<p class=\"has-white-color has-text-color has-link-color wp-elements-bb83aaa7d3cf035e1b3ba979c411a2fd\">Nuestro <strong>Modelo Educativo Institucional <\/strong>concibe a la universidad p\u00fablica como un motor sustantivo del <strong>desarrollo social<\/strong> y formadora de <strong>actores de cambio y progreso<\/strong>. Para responder eficazmente a las necesidades de la ciudadan\u00eda en el siglo XXI, este modelo se enfoca en ense\u00f1ar a obtener y aplicar el conocimiento en cualquier contexto, promoviendo la <strong>inclusi\u00f3n<\/strong>, una respuesta positiva a la <strong>diversidad<\/strong> y la capacidad de abordar las <strong>condiciones complejas<\/strong> en los \u00e1mbitos local, nacional e internacional.<\/p>\n\n\n\n<p class=\"has-white-color has-text-color has-link-color wp-elements-04b660613e16e9e61fd73de563767a4b\">Este  modelo posiciona a la universidad p\u00fablica como un motor de <strong>desarrollo social<\/strong> y formadora de <strong>actores de cambio<\/strong> para responder a las necesidades del siglo XXI. De ah\u00ed que la formaci\u00f3n en Enfermer\u00eda busque potenciar la <strong>habilidades pr\u00e1cticas y te\u00f3ricas<\/strong> con un <strong>pensamiento cr\u00edtico<\/strong>. Mediante un plan de estudios que se ajusta a est\u00e1ndares nacionales e internacionales para garantizar la <strong>calidad y pertinencia<\/strong> de los egresados. <\/p>\n\n\n\n<p class=\"has-white-color has-text-color has-link-color wp-elements-5793df4467ea4cde4552489ded7584fb\">Este modelo se estructura en tres dimensiones que son sus principios orientadores:<\/p>\n\n\n\n<ol start=\"1\" class=\"wp-block-list\">\n<li class=\"has-white-color has-text-color has-link-color wp-elements-267fad1467d007ca338d94537ba2fb6c\"><strong>Formaci\u00f3n Humanista:<\/strong> Busca desarrollar un pensamiento cr\u00edtico, maduro y racional con \u00e9nfasis en la realizaci\u00f3n comunitaria, la justicia social y la sustentabilidad.<br><\/li>\n\n\n\n<li class=\"has-white-color has-text-color has-link-color wp-elements-562fe1481087b1e6b1b97053ad57e736\"><strong>Responsabilidad Social:<\/strong> Implica que los egresados conozcan, estudien y se integren a su entorno para resolver conflictos sociales en el marco de los derechos humanos.<br><\/li>\n\n\n\n<li class=\"has-white-color has-text-color has-link-color wp-elements-f003912e69cd4efacf1242760f449148\"><strong>Formaci\u00f3n Cient\u00edfica y Tecnol\u00f3gica:<\/strong> Proceso basado en la producci\u00f3n de an\u00e1lisis causales y objetivos de la realidad mediante metodolog\u00edas rigurosas.<\/li>\n<\/ol>\n\n\n\n<p class=\"has-white-color has-text-color has-link-color wp-elements-dfeebabc7bf1fe244fc6ddd22b5c2267\">\u00c9sto permite formar profesionales en enfermer\u00eda <strong>competentes<\/strong> en el <strong>cuidado integral de la salud<\/strong>, con <strong>actitud \u00e9tica y human\u00edstica<\/strong>; para la resoluci\u00f3n sustentable de problemas y necesidades de la poblaci\u00f3n con respeto a la diversidad y a la interculturalidad de nuestra sociedad.<\/p>\n\n\n\n<p><\/p>\n\n\n\n<figure class=\"wp-block-image aligncenter size-large is-resized wp-duotone-unset-1\"><img loading=\"lazy\" decoding=\"async\" width=\"922\" height=\"1024\" data-attachment-id=\"2997\" data-permalink=\"http:\/\/www.enfermeria.umich.mx\/index.php\/reglamentos\/web-emblema-fe-2\/\" data-orig-file=\"http:\/\/www.enfermeria.umich.mx\/wp-content\/uploads\/2025\/11\/Web-emblema-FE-1-scaled.png\" data-orig-size=\"2304,2560\" data-comments-opened=\"1\" data-image-meta=\"{&quot;aperture&quot;:&quot;0&quot;,&quot;credit&quot;:&quot;&quot;,&quot;camera&quot;:&quot;&quot;,&quot;caption&quot;:&quot;&quot;,&quot;created_timestamp&quot;:&quot;0&quot;,&quot;copyright&quot;:&quot;&quot;,&quot;focal_length&quot;:&quot;0&quot;,&quot;iso&quot;:&quot;0&quot;,&quot;shutter_speed&quot;:&quot;0&quot;,&quot;title&quot;:&quot;&quot;,&quot;orientation&quot;:&quot;0&quot;}\" data-image-title=\"Web emblema FE\" data-image-description=\"\" data-image-caption=\"\" data-large-file=\"http:\/\/www.enfermeria.umich.mx\/wp-content\/uploads\/2025\/11\/Web-emblema-FE-1-922x1024.png\" src=\"http:\/\/www.enfermeria.umich.mx\/wp-content\/uploads\/2025\/11\/Web-emblema-FE-1-922x1024.png\" alt=\"\" class=\"wp-image-2997\" style=\"width:40px\" srcset=\"http:\/\/www.enfermeria.umich.mx\/wp-content\/uploads\/2025\/11\/Web-emblema-FE-1-922x1024.png 922w, http:\/\/www.enfermeria.umich.mx\/wp-content\/uploads\/2025\/11\/Web-emblema-FE-1-270x300.png 270w, http:\/\/www.enfermeria.umich.mx\/wp-content\/uploads\/2025\/11\/Web-emblema-FE-1-2000x2222.png 2000w\" sizes=\"auto, (max-width: 922px) 100vw, 922px\" \/><\/figure>\n<\/div><\/div><\/div>\n<\/div><\/div>\n\n\n\n<div class=\"wp-block-stackable-divider stk-block-divider stk-block stk-48e0165\" data-block-id=\"48e0165\"><style>.stk-48e0165 {margin-bottom:41px !important;}<\/style><hr class=\"stk-block-divider__hr\"\/><\/div>\n\n\n\n<p><\/p>\n","protected":false},"excerpt":{"rendered":"<p>La Universidad Michoacana busca formar profesionales con altos valores c\u00edvicos y gran capacidad de adaptarse a los retos actuales. Para ello, es necesario que desarrollen habilidades y competencias para la formaci\u00f3n integral tales como: La Identidad Nicola\u00edta expresa que la educaci\u00f3n es un factor de transformaci\u00f3n social. Se propone el desarrollo de un pensamiento democr\u00e1tico &hellip; <\/p>\n<p class=\"link-more\"><a href=\"http:\/\/www.enfermeria.umich.mx\/index.php\/oferta-educativa\/\" class=\"more-link\">Leer m\u00e1s<span class=\"screen-reader-text\"> \u00abOferta Educativa\u00bb<\/span><\/a><\/p>\n","protected":false},"author":2,"featured_media":0,"parent":0,"menu_order":0,"comment_status":"closed","ping_status":"closed","template":"","meta":{"inspiro_hide_title":false,"footnotes":""},"class_list":["post-34","page","type-page","status-publish","hentry"],"jetpack_likes_enabled":true,"jetpack_sharing_enabled":true,"_links":{"self":[{"href":"http:\/\/www.enfermeria.umich.mx\/index.php\/wp-json\/wp\/v2\/pages\/34","targetHints":{"allow":["GET"]}}],"collection":[{"href":"http:\/\/www.enfermeria.umich.mx\/index.php\/wp-json\/wp\/v2\/pages"}],"about":[{"href":"http:\/\/www.enfermeria.umich.mx\/index.php\/wp-json\/wp\/v2\/types\/page"}],"author":[{"embeddable":true,"href":"http:\/\/www.enfermeria.umich.mx\/index.php\/wp-json\/wp\/v2\/users\/2"}],"replies":[{"embeddable":true,"href":"http:\/\/www.enfermeria.umich.mx\/index.php\/wp-json\/wp\/v2\/comments?post=34"}],"version-history":[{"count":90,"href":"http:\/\/www.enfermeria.umich.mx\/index.php\/wp-json\/wp\/v2\/pages\/34\/revisions"}],"predecessor-version":[{"id":6171,"href":"http:\/\/www.enfermeria.umich.mx\/index.php\/wp-json\/wp\/v2\/pages\/34\/revisions\/6171"}],"wp:attachment":[{"href":"http:\/\/www.enfermeria.umich.mx\/index.php\/wp-json\/wp\/v2\/media?parent=34"}],"curies":[{"name":"wp","href":"https:\/\/api.w.org\/{rel}","templated":true}]}}