{"id":145,"date":"2023-08-18T01:32:27","date_gmt":"2023-08-18T01:32:27","guid":{"rendered":"http:\/\/www.enfermeria.umich.mx\/?page_id=145"},"modified":"2026-03-26T08:51:09","modified_gmt":"2026-03-26T14:51:09","slug":"especialidades","status":"publish","type":"page","link":"http:\/\/www.enfermeria.umich.mx\/index.php\/especialidades\/","title":{"rendered":"Especialidades"},"content":{"rendered":"\n<div class=\"wp-block-stackable-columns stk-block-columns stk-block stk-c4b6c2e\" data-block-id=\"c4b6c2e\"><style>.stk-c4b6c2e {margin-bottom:40px !important;}<\/style><div class=\"stk-row stk-inner-blocks stk-block-content stk-content-align stk-c4b6c2e-column\">\n<div class=\"wp-block-stackable-column stk-block-column stk-column stk-block stk-767f822\" data-v=\"4\" data-block-id=\"767f822\"><div class=\"stk-column-wrapper stk-block-column__content stk-container stk-767f822-container stk--no-background stk--no-padding\"><div class=\"stk-block-content stk-inner-blocks stk-767f822-inner-blocks\">\n<div class=\"wp-block-stackable-columns stk-block-columns stk-block stk-38368c3\" data-block-id=\"38368c3\"><style>.stk-38368c3-column{--stk-column-gap:40px !important;}<\/style><div class=\"stk-row stk-inner-blocks stk-block-content stk-content-align stk-38368c3-column\">\n<div class=\"wp-block-stackable-column stk-block-column stk-column stk-block stk-8a27149\" data-v=\"4\" data-block-id=\"8a27149\"><style>.stk-8a27149-container{margin-top:0px !important;margin-right:0px !important;margin-bottom:0px !important;margin-left:0px !important;}<\/style><div class=\"stk-column-wrapper stk-block-column__content stk-container stk-8a27149-container stk--no-background stk--no-padding\"><div class=\"stk-block-content stk-inner-blocks stk-8a27149-inner-blocks\">\n<p>La Facultad de Enfermer\u00eda de la Universidad Michoacana de San Nicol\u00e1s de Hidalgo impulsa la formaci\u00f3n continua mediante programas de especializaci\u00f3n dise\u00f1ados para atender las demandas actuales del sistema sanitario. Estos <strong>programas fortalecen las competencias profesionales, t\u00e9cnicas y humanas<\/strong> del personal, capacit\u00e1ndolo para desempe\u00f1arse en escenarios de alta complejidad con los m\u00e1s altos est\u00e1ndares de calidad y seguridad. En donde  los profesionales de la salud interesados en estas \u00e1reas estrat\u00e9gicas, pueden cursar un posgrado en \u00e1reas de especialidad como:<\/p>\n\n\n\n<p><\/p>\n\n\n\n<ul class=\"wp-block-list has-white-background-color has-background has-medium-font-size\">\n<li>Salud P\u00fablica<\/li>\n\n\n\n<li>Enfermer\u00eda Quir\u00fargica<\/li>\n\n\n\n<li>Cuidados Intensivos<\/li>\n\n\n\n<li>Administraci\u00f3n y Gesti\u00f3n de los Servicios de Enfermer\u00eda<\/li>\n<\/ul>\n\n\n\n<h2 class=\"wp-block-heading\">Requisitos de Ingreso<\/h2>\n\n\n\n<ol class=\"wp-block-list\">\n<li>T\u00edtulo y c\u00e9dula de licenciatura en enfermer\u00eda, copia.<\/li>\n\n\n\n<li>Certificado de calificaciones m\u00ednimo 8 (copia).<\/li>\n\n\n\n<li>Acta de nacimiento, (copia).<\/li>\n\n\n\n<li>CURP e INE (copia).<\/li>\n\n\n\n<li>Constancia de ingl\u00e9s t\u00e9cnico m\u00e9dico (80 hr) realizada dentro del \u00faltimo a\u00f1o. En caso de no tener esta constancia, podr\u00e1 tomar el curso en el Departamento de Idiomas de la UMSNH durante el transcurso de la especialidad.<\/li>\n\n\n\n<li>Realizar el EXANI-III (CENEVAL) al inicio de la especialidad.<\/li>\n\n\n\n<li>Acreditar curso proped\u00e9utico.<\/li>\n\n\n\n<li>Resumen de curr\u00edculum vitae original.<\/li>\n\n\n\n<li>Carta de exposici\u00f3n de motivos (personal).<\/li>\n\n\n\n<li>Carta compromiso (expedida por la facultad y firmada por el aspirante).<\/li>\n\n\n\n<li>Entrevista presencial.<\/li>\n<\/ol>\n\n\n\n<p><\/p>\n<\/div><\/div><\/div>\n\n\n\n<div class=\"wp-block-stackable-column stk-block-column stk-column stk-block stk-420298e\" data-v=\"4\" data-block-id=\"420298e\"><style>.stk-420298e-container{margin-top:0px !important;margin-right:0px !important;margin-bottom:0px !important;margin-left:0px !important;}<\/style><div class=\"stk-column-wrapper stk-block-column__content stk-container stk-420298e-container stk--no-background stk--no-padding\"><div class=\"stk-block-content stk-inner-blocks stk-420298e-inner-blocks\">\n<figure class=\"wp-block-image size-large\"><img loading=\"lazy\" decoding=\"async\" width=\"647\" height=\"1024\" data-attachment-id=\"5880\" data-permalink=\"http:\/\/www.enfermeria.umich.mx\/index.php\/especialidades\/especialidades-3\/\" data-orig-file=\"http:\/\/www.enfermeria.umich.mx\/wp-content\/uploads\/2026\/02\/especialidades.png\" data-orig-size=\"1000,1582\" data-comments-opened=\"1\" data-image-meta=\"{&quot;aperture&quot;:&quot;0&quot;,&quot;credit&quot;:&quot;&quot;,&quot;camera&quot;:&quot;&quot;,&quot;caption&quot;:&quot;&quot;,&quot;created_timestamp&quot;:&quot;0&quot;,&quot;copyright&quot;:&quot;&quot;,&quot;focal_length&quot;:&quot;0&quot;,&quot;iso&quot;:&quot;0&quot;,&quot;shutter_speed&quot;:&quot;0&quot;,&quot;title&quot;:&quot;&quot;,&quot;orientation&quot;:&quot;0&quot;}\" data-image-title=\"especialidades\" data-image-description=\"\" data-image-caption=\"\" data-large-file=\"http:\/\/www.enfermeria.umich.mx\/wp-content\/uploads\/2026\/02\/especialidades-647x1024.png\" src=\"http:\/\/www.enfermeria.umich.mx\/wp-content\/uploads\/2026\/02\/especialidades-647x1024.png\" alt=\"\" class=\"wp-image-5880\" srcset=\"http:\/\/www.enfermeria.umich.mx\/wp-content\/uploads\/2026\/02\/especialidades-647x1024.png 647w, http:\/\/www.enfermeria.umich.mx\/wp-content\/uploads\/2026\/02\/especialidades-190x300.png 190w, http:\/\/www.enfermeria.umich.mx\/wp-content\/uploads\/2026\/02\/especialidades.png 1000w\" sizes=\"auto, (max-width: 647px) 100vw, 647px\" \/><\/figure>\n<\/div><\/div><\/div>\n<\/div><\/div>\n<\/div><\/div><\/div>\n<\/div><\/div>\n\n\n\n<div class=\"wp-block-stackable-divider stk-block-divider stk-block stk-bc57fae\" data-block-id=\"bc57fae\"><style>.stk-bc57fae {margin-bottom:40px !important;}<\/style><hr class=\"stk-block-divider__hr\"\/><\/div>\n\n\n\n<div class=\"wp-block-stackable-columns stk-block-columns stk-block stk-052023d\" data-block-id=\"052023d\"><style>.stk-052023d {margin-bottom:0px !important;}.stk-052023d-column{--stk-column-gap:40px !important;}<\/style><div class=\"stk-row stk-inner-blocks stk-block-content stk-content-align stk-052023d-column\">\n<div class=\"wp-block-stackable-column stk-block-column stk-column stk-block stk-2ce618d\" data-v=\"4\" data-block-id=\"2ce618d\"><style>.stk-2ce618d-container{margin-top:0px !important;margin-right:0px !important;margin-bottom:0px !important;margin-left:0px !important;}<\/style><div class=\"stk-column-wrapper stk-block-column__content stk-container stk-2ce618d-container stk--no-background stk--no-padding\"><div class=\"stk-block-content stk-inner-blocks stk-2ce618d-inner-blocks\">\n<h2 class=\"wp-block-heading\">Especialidad en <strong>Salud P\u00fablica<\/strong><\/h2>\n\n\n\n<p>La especialidad en Enfermer\u00eda en Salud P\u00fablica forma profesionales orientados al cuidado integral con una perspectiva comunitaria y poblacional. Su enfoque prioriza la prevenci\u00f3n de enfermedades, la promoci\u00f3n de estilos de vida saludables y la atenci\u00f3n con un alto sentido \u00e9tico y humanista, respondiendo a las necesidades reales de la sociedad.<\/p>\n\n\n\n<p>El programa desarrolla competencias avanzadas en el an\u00e1lisis del proceso salud-enfermedad, la gesti\u00f3n de cuidados y la organizaci\u00f3n de servicios, fortaleciendo la capacidad de intervenci\u00f3n en entornos comunitarios. Asimismo, integra conocimientos cient\u00edficos, trabajo interdisciplinario y estrategias de salud p\u00fablica para impactar positivamente en la calidad de vida de la poblaci\u00f3n.<\/p>\n\n\n\n<p>Esta especialidad posiciona al profesional de enfermer\u00eda como un agente clave en la transformaci\u00f3n social y sanitaria, ampliando su campo de acci\u00f3n hacia la planificaci\u00f3n, educaci\u00f3n y gesti\u00f3n. Su formaci\u00f3n impulsa una pr\u00e1ctica comprometida con la equidad, la prevenci\u00f3n y el bienestar colectivo.<\/p>\n\n\n\n<figure class=\"wp-block-image aligncenter size-full is-resized wp-duotone-rgb070113-rgb255255255-1\" style=\"margin-top:var(--wp--preset--spacing--x-small);margin-bottom:var(--wp--preset--spacing--x-small)\"><img loading=\"lazy\" decoding=\"async\" width=\"1000\" height=\"667\" data-attachment-id=\"5961\" data-permalink=\"http:\/\/www.enfermeria.umich.mx\/index.php\/especialidades\/esp-4\/\" data-orig-file=\"http:\/\/www.enfermeria.umich.mx\/wp-content\/uploads\/2026\/02\/Esp.-4.png\" data-orig-size=\"1000,667\" data-comments-opened=\"1\" data-image-meta=\"{&quot;aperture&quot;:&quot;0&quot;,&quot;credit&quot;:&quot;&quot;,&quot;camera&quot;:&quot;&quot;,&quot;caption&quot;:&quot;&quot;,&quot;created_timestamp&quot;:&quot;0&quot;,&quot;copyright&quot;:&quot;&quot;,&quot;focal_length&quot;:&quot;0&quot;,&quot;iso&quot;:&quot;0&quot;,&quot;shutter_speed&quot;:&quot;0&quot;,&quot;title&quot;:&quot;&quot;,&quot;orientation&quot;:&quot;0&quot;}\" data-image-title=\"Esp. 4\" data-image-description=\"\" data-image-caption=\"\" data-large-file=\"http:\/\/www.enfermeria.umich.mx\/wp-content\/uploads\/2026\/02\/Esp.-4.png\" src=\"http:\/\/www.enfermeria.umich.mx\/wp-content\/uploads\/2026\/02\/Esp.-4.png\" alt=\"\" class=\"wp-image-5961\" style=\"width:330px\" srcset=\"http:\/\/www.enfermeria.umich.mx\/wp-content\/uploads\/2026\/02\/Esp.-4.png 1000w, http:\/\/www.enfermeria.umich.mx\/wp-content\/uploads\/2026\/02\/Esp.-4-300x200.png 300w\" sizes=\"auto, (max-width: 1000px) 100vw, 1000px\" \/><\/figure>\n<\/div><\/div><\/div>\n\n\n\n<div class=\"wp-block-stackable-column stk-block-column stk-column stk-block stk-f641ddb\" data-v=\"4\" data-block-id=\"f641ddb\"><style>.stk-f641ddb-container{margin-top:0px !important;margin-right:0px !important;margin-bottom:0px !important;margin-left:0px !important;}<\/style><div class=\"stk-column-wrapper stk-block-column__content stk-container stk-f641ddb-container stk--no-background stk--no-padding\"><div class=\"stk-block-content stk-inner-blocks stk-f641ddb-inner-blocks\">\n<div class=\"wp-block-group has-global-padding is-layout-constrained wp-block-group-is-layout-constrained\">\n<div class=\"wp-block-group has-white-color has-text-color has-background has-link-color wp-elements-893501f0f77237b8ce1dfe89b671306b has-global-padding is-layout-constrained wp-block-group-is-layout-constrained\" style=\"background:linear-gradient(135deg,rgb(71,154,184) 0%,rgb(30,77,104) 100%);box-shadow:var(--wp--preset--shadow--natural)\">\n<p><\/p>\n\n\n\n<h3 class=\"wp-block-heading has-text-align-center has-white-color has-text-color has-link-color wp-elements-797399d823f68d2564acf5ce573627b3\"><span style=\"color: #fffffe;\" class=\"stk-highlight\">Especialidad en Salud P\u00fablica<\/span><\/h3>\n\n\n\n<div class=\"wp-block-stackable-divider stk-block-divider stk-block stk-f020150\" data-block-id=\"f020150\"><style>.stk-f020150 {margin-bottom:0px !important;}<\/style><hr class=\"stk-block-divider__hr\"\/><\/div>\n\n\n\n<h4 class=\"wp-block-heading\"><span style=\"color: #fffffe;\" class=\"stk-highlight\">Primer Semestre<\/span><\/h4>\n\n\n\n<div class=\"wp-block-group has-global-padding is-content-justification-center is-layout-constrained wp-block-group-is-layout-constrained\">\n<ul class=\"wp-block-list\">\n<li>Teor\u00edas y Modelos de Enfermer\u00eda<\/li>\n\n\n\n<li>Proceso de Enfermer\u00eda<\/li>\n\n\n\n<li>Herramientas de B\u00fasqueda de Informaci\u00f3n para la Salud<\/li>\n\n\n\n<li>Epidemiolog\u00eda<\/li>\n\n\n\n<li>Enfermer\u00eda en Salud P\u00fablica I<\/li>\n\n\n\n<li>Enfermer\u00eda Comunitaria<\/li>\n<\/ul>\n\n\n\n<div class=\"wp-block-group has-global-padding is-layout-constrained wp-block-group-is-layout-constrained\">\n<h4 class=\"wp-block-heading has-white-color has-text-color has-link-color wp-elements-62610251c3b5186bc57dd94e7e3397da\">Segundo Semestre<\/h4>\n\n\n\n<ul class=\"wp-block-list\">\n<li>\u00c9tica y Legislaci\u00f3n en Enfermer\u00eda<\/li>\n\n\n\n<li>Proyecto de Intervenci\u00f3n de Enfermer\u00eda<\/li>\n\n\n\n<li>Estad\u00edstica Avanzada<\/li>\n\n\n\n<li>Enfermer\u00eda en Salud P\u00fablica II<\/li>\n\n\n\n<li>Estancia Cl\u00ednica y Comunitaria I<\/li>\n<\/ul>\n\n\n\n<h4 class=\"wp-block-heading has-white-color has-text-color has-link-color wp-elements-55097240b506be865433e291f6650bf9\">Tercer Semestre<\/h4>\n\n\n\n<ul class=\"wp-block-list\">\n<li>Innovaciones Did\u00e1cticas en Salud<\/li>\n\n\n\n<li>Gesti\u00f3n en Salud P\u00fablica<\/li>\n\n\n\n<li>Estancia Cl\u00ednica y Comunitaria II<\/li>\n\n\n\n<li>Epidemiolog\u00eda II<\/li>\n\n\n\n<li>Estancia Hospitalaria<\/li>\n\n\n\n<li>Estancia de Gerencia en Salud P\u00fablica<\/li>\n<\/ul>\n\n\n\n<p><\/p>\n\n\n\n<div class=\"wp-block-stackable-divider stk-block-divider stk-block stk-9e18eb3\" data-block-id=\"9e18eb3\"><hr class=\"stk-block-divider__hr\"\/><\/div>\n<\/div>\n<\/div>\n<\/div>\n<\/div>\n\n\n\n<p><\/p>\n<\/div><\/div><\/div>\n<\/div><\/div>\n\n\n\n<div class=\"wp-block-stackable-divider stk-block-divider stk-block stk-a647472\" data-block-id=\"a647472\"><style>.stk-a647472 {margin-bottom:39px !important;}<\/style><hr class=\"stk-block-divider__hr\"\/><\/div>\n\n\n\n<div class=\"wp-block-stackable-columns stk-block-columns stk-block stk-5dd2fea\" data-block-id=\"5dd2fea\"><style>.stk-5dd2fea {margin-bottom:2px !important;}.stk-5dd2fea-column{--stk-column-gap:40px !important;}<\/style><div class=\"stk-row stk-inner-blocks stk-block-content stk-content-align stk-5dd2fea-column\">\n<div class=\"wp-block-stackable-column stk-block-column stk-column stk-block stk-cc90bdc\" data-v=\"4\" data-block-id=\"cc90bdc\"><style>.stk-cc90bdc-container{margin-top:0px !important;margin-right:0px !important;margin-bottom:0px !important;margin-left:0px !important;}<\/style><div class=\"stk-column-wrapper stk-block-column__content stk-container stk-cc90bdc-container stk--no-background stk--no-padding\"><div class=\"stk-block-content stk-inner-blocks stk-cc90bdc-inner-blocks\">\n<div class=\"wp-block-group has-global-padding is-layout-constrained wp-container-core-group-is-layout-95730b41 wp-block-group-is-layout-constrained\" style=\"border-style:none;border-width:0px;padding-top:0;padding-bottom:0;box-shadow:none\">\n<h2 class=\"wp-block-heading\">Especialidad en <strong>Enfermer\u00eda Quir\u00fargica<\/strong><br><\/h2>\n\n\n\n<p>El plan de estudios de la especialidad en Enfermer\u00eda Quir\u00fargica se estructura para consolidar bases cient\u00edficas s\u00f3lidas desde el primer semestre, integrando teor\u00edas de enfermer\u00eda, el proceso de atenci\u00f3n, fisiopatolog\u00eda y fundamentos del cuidado perioperatorio. Esta etapa fortalece el razonamiento cl\u00ednico y prepara al profesional para comprender integralmente su entorno de trabajo.<br><\/p>\n\n\n\n<p>Durante el segundo semestre, se profundiza en la especializaci\u00f3n mediante la formaci\u00f3n \u00e9tica, farmacolog\u00eda aplicada, innovaci\u00f3n en salud y el desarrollo de proyectos de intervenci\u00f3n. Asimismo, los talleres especializados y la asignatura de Enfermer\u00eda Quir\u00fargica II refuerzan las habilidades t\u00e9cnicas avanzadas, la toma de decisiones y la actuaci\u00f3n segura en escenarios reales.<br><\/p>\n\n\n\n<p>El tercer semestre consolida la formaci\u00f3n a trav\u00e9s de herramientas de an\u00e1lisis, entrenamiento en soporte vital avanzado y una estancia cl\u00ednica supervisada. Esta fase final permite integrar conocimientos, habilidades y criterio profesional, garantizando un egreso con un alto nivel de competencia, precisi\u00f3n t\u00e9cnica y compromiso con la seguridad del paciente.<\/p>\n<\/div>\n\n\n\n<figure class=\"wp-block-image aligncenter size-full is-resized wp-duotone-rgb07072-rgb255255255-2\" style=\"margin-top:0;margin-bottom:0\"><img loading=\"lazy\" decoding=\"async\" width=\"1000\" height=\"667\" data-attachment-id=\"5966\" data-permalink=\"http:\/\/www.enfermeria.umich.mx\/index.php\/especialidades\/esp-3\/\" data-orig-file=\"http:\/\/www.enfermeria.umich.mx\/wp-content\/uploads\/2026\/02\/Esp.-3.png\" data-orig-size=\"1000,667\" data-comments-opened=\"1\" data-image-meta=\"{&quot;aperture&quot;:&quot;0&quot;,&quot;credit&quot;:&quot;&quot;,&quot;camera&quot;:&quot;&quot;,&quot;caption&quot;:&quot;&quot;,&quot;created_timestamp&quot;:&quot;0&quot;,&quot;copyright&quot;:&quot;&quot;,&quot;focal_length&quot;:&quot;0&quot;,&quot;iso&quot;:&quot;0&quot;,&quot;shutter_speed&quot;:&quot;0&quot;,&quot;title&quot;:&quot;&quot;,&quot;orientation&quot;:&quot;0&quot;}\" data-image-title=\"Esp. 3\" data-image-description=\"\" data-image-caption=\"\" data-large-file=\"http:\/\/www.enfermeria.umich.mx\/wp-content\/uploads\/2026\/02\/Esp.-3.png\" src=\"http:\/\/www.enfermeria.umich.mx\/wp-content\/uploads\/2026\/02\/Esp.-3.png\" alt=\"\" class=\"wp-image-5966\" style=\"width:330px\" srcset=\"http:\/\/www.enfermeria.umich.mx\/wp-content\/uploads\/2026\/02\/Esp.-3.png 1000w, http:\/\/www.enfermeria.umich.mx\/wp-content\/uploads\/2026\/02\/Esp.-3-300x200.png 300w\" sizes=\"auto, (max-width: 1000px) 100vw, 1000px\" \/><\/figure>\n<\/div><\/div><\/div>\n\n\n\n<div class=\"wp-block-stackable-column stk-block-column stk-column stk-block stk-6883fec\" data-v=\"4\" data-block-id=\"6883fec\"><style>.stk-6883fec-container{margin-top:0px !important;margin-right:0px !important;margin-bottom:0px !important;margin-left:0px !important;}<\/style><div class=\"stk-column-wrapper stk-block-column__content stk-container stk-6883fec-container stk--no-background stk--no-padding\"><div class=\"stk-block-content stk-inner-blocks stk-6883fec-inner-blocks\">\n<div class=\"wp-block-group has-global-padding is-layout-constrained wp-block-group-is-layout-constrained\" style=\"border-style:none;border-width:0px\">\n<div class=\"wp-block-group has-white-color has-text-color has-background has-link-color wp-elements-7de2a79e3ef5ba92db1769af503bed1b has-global-padding is-layout-constrained wp-block-group-is-layout-constrained\" style=\"background:linear-gradient(135deg,rgb(35,136,136) 0%,rgb(36,163,177) 97%);padding-top:var(--wp--preset--spacing--x-small);padding-bottom:var(--wp--preset--spacing--x-small);box-shadow:var(--wp--preset--shadow--natural)\">\n<h3 class=\"wp-block-heading has-text-align-center has-white-color has-text-color has-link-color wp-elements-1d4e3c428b795a223ca4c266d11bb4e2\">Especialidad en <span style=\"color: #fffffe;\" class=\"stk-highlight\">Enfermer\u00eda Quir\u00fargica<\/span><\/h3>\n\n\n\n<div class=\"wp-block-stackable-divider stk-block-divider stk-block stk-a36f08e\" data-block-id=\"a36f08e\"><style>.stk-a36f08e {margin-bottom:0px !important;}<\/style><hr class=\"stk-block-divider__hr\"\/><\/div>\n\n\n\n<h4 class=\"wp-block-heading\"><span style=\"color: #fffffe;\" class=\"stk-highlight\">Primer Semestre<\/span><\/h4>\n\n\n\n<ul class=\"wp-block-list\">\n<li>Teor\u00edas y Modelos de Enfermer\u00eda<\/li>\n\n\n\n<li>Proceso de Enfermer\u00eda<\/li>\n\n\n\n<li>Herramientas de B\u00fasqueda de Informaci\u00f3n para la Salud<\/li>\n\n\n\n<li>Enfermera Quir\u00fargica I<\/li>\n\n\n\n<li>Fisiopatologia y Cuidado Quir\u00fargico<\/li>\n<\/ul>\n\n\n\n<h4 class=\"wp-block-heading\"><span style=\"color: #fffffe;\" class=\"stk-highlight\">Segundo Semestre<\/span><\/h4>\n\n\n\n<ul class=\"wp-block-list\">\n<li>\u00c9tica y Legislaci\u00f3n en Enfermer\u00eda<\/li>\n\n\n\n<li>Proyecto de Intervenci\u00f3n de Enfermer\u00eda<\/li>\n\n\n\n<li>Inovaciones Didacticas en Salud<\/li>\n\n\n\n<li>Enfermer\u00eda Quirurgica II<\/li>\n\n\n\n<li>Farmacolog\u00eda Quirurgica<\/li>\n\n\n\n<li>Taller ATLS<\/li>\n<\/ul>\n\n\n\n<h4 class=\"wp-block-heading\"><span style=\"color: #fffffe;\" class=\"stk-highlight\">Tercer Semestre<\/span><\/h4>\n\n\n\n<ul class=\"wp-block-list\">\n<li>Estad\u00edstica Avanzada<\/li>\n\n\n\n<li>Taller ACLS<\/li>\n\n\n\n<li>Estancia Cl\u00ednica<\/li>\n<\/ul>\n<\/div>\n\n\n\n<div class=\"wp-block-stackable-columns stk-block-columns stk-block stk-39ce857\" data-block-id=\"39ce857\"><style>.stk-39ce857 {margin-bottom:0px !important;}<\/style><div class=\"stk-row stk-inner-blocks stk-block-content stk-content-align stk-39ce857-column\">\n<div class=\"wp-block-stackable-column stk-block-column stk-column stk-block stk-722ca8c\" data-v=\"4\" data-block-id=\"722ca8c\"><style>.stk-722ca8c-container{margin-top:0px !important;margin-right:0px !important;margin-bottom:0px !important;margin-left:0px !important;}<\/style><div class=\"stk-column-wrapper stk-block-column__content stk-container stk-722ca8c-container stk--no-background stk--no-padding\"><div class=\"stk-block-content stk-inner-blocks stk-722ca8c-inner-blocks\">\n<div class=\"wp-block-group has-global-padding is-layout-constrained wp-block-group-is-layout-constrained\">\n<p><\/p>\n<\/div>\n<\/div><\/div><\/div>\n<\/div><\/div>\n<\/div>\n<\/div><\/div><\/div>\n<\/div><\/div>\n\n\n\n<div class=\"wp-block-stackable-divider stk-block-divider stk-block stk-9bfb029\" data-block-id=\"9bfb029\"><style>.stk-9bfb029 {margin-bottom:39px !important;}<\/style><hr class=\"stk-block-divider__hr\"\/><\/div>\n\n\n\n<div class=\"wp-block-stackable-columns stk-block-columns stk-block stk-876c96b\" data-block-id=\"876c96b\"><style>.stk-876c96b {margin-bottom:0px !important;}.stk-876c96b-column{--stk-columns-spacing:0px !important;--stk-column-gap:40px !important;}<\/style><div class=\"stk-row stk-inner-blocks stk-block-content stk-content-align stk-876c96b-column\">\n<div class=\"wp-block-stackable-column stk-block-column stk-column stk-block stk-eca591b\" data-v=\"4\" data-block-id=\"eca591b\"><div class=\"stk-column-wrapper stk-block-column__content stk-container stk-eca591b-container stk--no-background stk--no-padding\"><div class=\"stk-block-content stk-inner-blocks stk-eca591b-inner-blocks\">\n<h2 class=\"wp-block-heading\">Especialidad en <strong>Cuidados Intensivos<\/strong><\/h2>\n\n\n\n<p>Se capacita profesionales de excelencia para la atenci\u00f3n integral del paciente cr\u00edtico en la especialidad de Enfermer\u00eda en Terapia Intensiva. A trav\u00e9s de competencias avanzadas en monitoreo hemodin\u00e1mico, soporte vital y farmacolog\u00eda especializada, preparamos al personal para actuar con precisi\u00f3n en entornos complejos.<\/p>\n\n\n\n<p>Nuestro enfoque combina fundamentaci\u00f3n cient\u00edfica y pr\u00e1ctica cl\u00ednica para desarrollar criterio profesional, toma de decisiones eficiente y manejo experto de tecnolog\u00eda biom\u00e9dica. La prioridad es la seguridad del paciente y la respuesta oportuna.<\/p>\n\n\n\n<p>Posicionando al profesional de la salud en una de las \u00e1reas m\u00e1s estrat\u00e9gicas del sistema de salud y convi\u00e9rtete en un elemento clave en las unidades de cuidados intensivos, garantizando atenci\u00f3n de alta calidad y colaboraci\u00f3n interdisciplinaria.<\/p>\n\n\n\n<figure class=\"wp-block-image aligncenter size-full is-resized wp-duotone-rgb056124-rgb255255255-3\" style=\"margin-top:var(--wp--preset--spacing--x-small);margin-bottom:var(--wp--preset--spacing--x-small)\"><img loading=\"lazy\" decoding=\"async\" width=\"1000\" height=\"667\" data-attachment-id=\"5963\" data-permalink=\"http:\/\/www.enfermeria.umich.mx\/index.php\/especialidades\/esp-1\/\" data-orig-file=\"http:\/\/www.enfermeria.umich.mx\/wp-content\/uploads\/2026\/02\/Esp.-1.png\" data-orig-size=\"1000,667\" data-comments-opened=\"1\" data-image-meta=\"{&quot;aperture&quot;:&quot;0&quot;,&quot;credit&quot;:&quot;&quot;,&quot;camera&quot;:&quot;&quot;,&quot;caption&quot;:&quot;&quot;,&quot;created_timestamp&quot;:&quot;0&quot;,&quot;copyright&quot;:&quot;&quot;,&quot;focal_length&quot;:&quot;0&quot;,&quot;iso&quot;:&quot;0&quot;,&quot;shutter_speed&quot;:&quot;0&quot;,&quot;title&quot;:&quot;&quot;,&quot;orientation&quot;:&quot;0&quot;}\" data-image-title=\"Esp. 1\" data-image-description=\"\" data-image-caption=\"\" data-large-file=\"http:\/\/www.enfermeria.umich.mx\/wp-content\/uploads\/2026\/02\/Esp.-1.png\" src=\"http:\/\/www.enfermeria.umich.mx\/wp-content\/uploads\/2026\/02\/Esp.-1.png\" alt=\"\" class=\"wp-image-5963\" style=\"aspect-ratio:1.499291042475803;object-fit:cover;width:330px\" srcset=\"http:\/\/www.enfermeria.umich.mx\/wp-content\/uploads\/2026\/02\/Esp.-1.png 1000w, http:\/\/www.enfermeria.umich.mx\/wp-content\/uploads\/2026\/02\/Esp.-1-300x200.png 300w\" sizes=\"auto, (max-width: 1000px) 100vw, 1000px\" \/><\/figure>\n<\/div><\/div><\/div>\n\n\n\n<div class=\"wp-block-stackable-column stk-block-column stk-column stk-block stk-db1832a\" data-v=\"4\" data-block-id=\"db1832a\"><div class=\"stk-column-wrapper stk-block-column__content stk-container stk-db1832a-container stk--no-background stk--no-padding\"><div class=\"stk-block-content stk-inner-blocks stk-db1832a-inner-blocks\">\n<div class=\"wp-block-group has-white-color has-text-color has-background has-link-color wp-elements-a705e0c9c07c6a4adb733867f6586b80 has-global-padding is-layout-constrained wp-block-group-is-layout-constrained\" style=\"background:linear-gradient(135deg,rgb(30,95,140) 0%,rgb(75,150,220) 99%);padding-top:var(--wp--preset--spacing--x-small);padding-bottom:var(--wp--preset--spacing--x-small);box-shadow:var(--wp--preset--shadow--natural)\">\n<h3 class=\"wp-block-heading has-text-align-center has-white-color has-text-color has-link-color wp-elements-7d64d4ca749a5a77b382f99f5901aa4c\">Especialidad en <span style=\"color: #fffffe;\" class=\"stk-highlight\">Cuidados Intensivos<\/span><\/h3>\n\n\n\n<div class=\"wp-block-stackable-divider stk-block-divider stk-block stk-462e38d\" data-block-id=\"462e38d\"><style>.stk-462e38d {margin-bottom:0px !important;}<\/style><hr class=\"stk-block-divider__hr\"\/><\/div>\n\n\n\n<h4 class=\"wp-block-heading\"><span style=\"color: #ffffff;\" class=\"stk-highlight\">Primer Semestre<\/span><\/h4>\n\n\n\n<ul class=\"wp-block-list\">\n<li>Teor\u00edas y Modelos de Enfermer\u00eda<\/li>\n\n\n\n<li>Proceso de Enfermer\u00eda<\/li>\n\n\n\n<li>Herramientas de b\u00fasqueda de informaci\u00f3n para la Salud<\/li>\n\n\n\n<li>Enfermer\u00eda del Adulto en Estado Cr\u00edtico I<\/li>\n<\/ul>\n\n\n\n<h4 class=\"wp-block-heading\"><span style=\"color: #ffffff;\" class=\"stk-highlight\">Segundo Semestre<\/span><\/h4>\n\n\n\n<ul class=\"wp-block-list\">\n<li>\u00c9tica y Legislaci\u00f3n en Enfermer\u00eda<\/li>\n\n\n\n<li>Proyecto de Intervenci\u00f3n de Enfermer\u00eda<\/li>\n\n\n\n<li>Innovaciones Did\u00e1cticas en Salud<\/li>\n\n\n\n<li>Enfermer\u00eda del Adulto en Estado Cr\u00edtico II<\/li>\n\n\n\n<li>Taller I: Soporte Vital Avanzado en Trauma ATLS<\/li>\n<\/ul>\n\n\n\n<h4 class=\"wp-block-heading\"><span style=\"color: #ffffff;\" class=\"stk-highlight\">Tercer Semestre<\/span><\/h4>\n\n\n\n<ul class=\"wp-block-list\">\n<li>Estad\u00edstica Avanzada<\/li>\n\n\n\n<li>Taller II: Soporte Vital Cardiovascular Avanzado ACLS<\/li>\n\n\n\n<li>Estancia Cl\u00ednica<\/li>\n<\/ul>\n<\/div>\n\n\n\n<p><\/p>\n\n\n\n<p><\/p>\n<\/div><\/div><\/div>\n<\/div><\/div>\n\n\n\n<div class=\"wp-block-stackable-divider stk-block-divider stk-block stk-d8cbb2b\" data-block-id=\"d8cbb2b\"><style>.stk-d8cbb2b {margin-bottom:39px !important;}<\/style><hr class=\"stk-block-divider__hr\"\/><\/div>\n\n\n\n<div class=\"wp-block-stackable-columns stk-block-columns stk-block stk-57fdb7f\" data-block-id=\"57fdb7f\"><style>.stk-57fdb7f-column{--stk-columns-spacing:0px !important;--stk-column-gap:40px !important;}<\/style><div class=\"stk-row stk-inner-blocks stk-block-content stk-content-align stk-57fdb7f-column\">\n<div class=\"wp-block-stackable-column stk-block-column stk-column stk-block stk-ac99468\" data-v=\"4\" data-block-id=\"ac99468\"><style>.stk-ac99468-container{margin-top:0px !important;margin-right:0px !important;margin-bottom:0px !important;margin-left:0px !important;}<\/style><div class=\"stk-column-wrapper stk-block-column__content stk-container stk-ac99468-container stk--no-background stk--no-padding\"><div class=\"stk-block-content stk-inner-blocks stk-ac99468-inner-blocks\">\n<h2 class=\"wp-block-heading\">Especialidad en <strong>Administraci\u00f3n y Gesti\u00f3n de los Servicios de Enfermer\u00eda<\/strong><\/h2>\n\n\n\n<p>La especialidad en Administraci\u00f3n de los Servicios de Enfermer\u00eda forma l\u00edderes con visi\u00f3n estrat\u00e9gica, capacitados para la gesti\u00f3n eficiente de recursos humanos y materiales en las instituciones de salud. Su enfoque gerencial permite optimizar procesos, elevar la calidad de la atenci\u00f3n y contribuir a la mejora continua de los servicios sanitarios.<\/p>\n\n\n\n<p>Esta formaci\u00f3n perfecciona las habilidades de la administraci\u00f3n de los cuidados y servicios de enfermer\u00eda, con un enfoque directo en los sistemas de salud. A trav\u00e9s del rigor cient\u00edfico y mediante la colaboraci\u00f3n interdisciplinaria, el programa implementa modelos administrativos orientados a mejorar la atenci\u00f3n de la salud de nuestra sociedad.<\/p>\n\n\n\n<figure class=\"wp-block-image aligncenter size-full is-resized wp-duotone-rgb38087-rgb255255255-4\" style=\"margin-top:var(--wp--preset--spacing--x-small);margin-bottom:var(--wp--preset--spacing--x-small)\"><img loading=\"lazy\" decoding=\"async\" width=\"1000\" height=\"667\" data-attachment-id=\"5967\" data-permalink=\"http:\/\/www.enfermeria.umich.mx\/index.php\/especialidades\/esp-2\/\" data-orig-file=\"http:\/\/www.enfermeria.umich.mx\/wp-content\/uploads\/2026\/02\/Esp.-2.png\" data-orig-size=\"1000,667\" data-comments-opened=\"1\" data-image-meta=\"{&quot;aperture&quot;:&quot;0&quot;,&quot;credit&quot;:&quot;&quot;,&quot;camera&quot;:&quot;&quot;,&quot;caption&quot;:&quot;&quot;,&quot;created_timestamp&quot;:&quot;0&quot;,&quot;copyright&quot;:&quot;&quot;,&quot;focal_length&quot;:&quot;0&quot;,&quot;iso&quot;:&quot;0&quot;,&quot;shutter_speed&quot;:&quot;0&quot;,&quot;title&quot;:&quot;&quot;,&quot;orientation&quot;:&quot;0&quot;}\" data-image-title=\"Esp. 2\" data-image-description=\"\" data-image-caption=\"\" data-large-file=\"http:\/\/www.enfermeria.umich.mx\/wp-content\/uploads\/2026\/02\/Esp.-2.png\" src=\"http:\/\/www.enfermeria.umich.mx\/wp-content\/uploads\/2026\/02\/Esp.-2.png\" alt=\"\" class=\"wp-image-5967\" style=\"width:340px\" srcset=\"http:\/\/www.enfermeria.umich.mx\/wp-content\/uploads\/2026\/02\/Esp.-2.png 1000w, http:\/\/www.enfermeria.umich.mx\/wp-content\/uploads\/2026\/02\/Esp.-2-300x200.png 300w\" sizes=\"auto, (max-width: 1000px) 100vw, 1000px\" \/><\/figure>\n<\/div><\/div><\/div>\n\n\n\n<div class=\"wp-block-stackable-column stk-block-column stk-column stk-block stk-932dd57\" data-v=\"4\" data-block-id=\"932dd57\"><style>.stk-932dd57-container{margin-top:0px !important;margin-right:0px !important;margin-bottom:0px !important;margin-left:0px !important;}<\/style><div class=\"stk-column-wrapper stk-block-column__content stk-container stk-932dd57-container stk--no-background stk--no-padding\"><div class=\"stk-block-content stk-inner-blocks stk-932dd57-inner-blocks\">\n<div class=\"wp-block-group has-white-color has-text-color has-background has-link-color wp-elements-d15b81213c42855faf48243713c4b0fc has-global-padding is-layout-constrained wp-block-group-is-layout-constrained\" style=\"background:linear-gradient(135deg,rgb(73,88,165) 0%,rgb(106,86,138) 100%);padding-top:var(--wp--preset--spacing--x-small);padding-bottom:var(--wp--preset--spacing--x-small);box-shadow:var(--wp--preset--shadow--natural)\">\n<h3 class=\"wp-block-heading has-text-align-center has-white-color has-text-color has-link-color wp-elements-d7effa2b1fa05c66072ae29aa5868a3d\"><span style=\"color: #fffffe;\" class=\"stk-highlight\">Administraci\u00f3n y Gesti\u00f3n de los Servicios<\/span><\/h3>\n\n\n\n<div class=\"wp-block-stackable-divider stk-block-divider stk-block stk-c743839\" data-block-id=\"c743839\"><style>.stk-c743839 {margin-bottom:0px !important;}<\/style><hr class=\"stk-block-divider__hr\"\/><\/div>\n\n\n\n<h4 class=\"wp-block-heading\"><span style=\"color: #ffffff;\" class=\"stk-highlight\">Primer Semestre<\/span><\/h4>\n\n\n\n<ul class=\"wp-block-list\">\n<li>Teor\u00edas y Modelos de Enfermer\u00eda<\/li>\n\n\n\n<li>Proceso de Enfermer\u00eda<\/li>\n\n\n\n<li>Herramientas de b\u00fasqueda de informaci\u00f3n para la Salud<\/li>\n\n\n\n<li>Administraci\u00f3n de Enfermer\u00eda<\/li>\n\n\n\n<li>Pol\u00edticas P\u00fablicas<\/li>\n<\/ul>\n\n\n\n<h4 class=\"wp-block-heading\"><span style=\"color: #fffffe;\" class=\"stk-highlight\">Segundo Semestre<\/span><\/h4>\n\n\n\n<ul class=\"wp-block-list\">\n<li>\u00c9tica y Legislaci\u00f3n en Enfermer\u00eda<\/li>\n\n\n\n<li>Proyecto de Intervenci\u00f3n de Enfermer\u00eda<\/li>\n\n\n\n<li>Innovaciones Did\u00e1cticas en Salud<\/li>\n\n\n\n<li>Gesti\u00f3n de Cuidado de Enfermer\u00eda<\/li>\n\n\n\n<li>Direcci\u00f3n Estrat\u00e9gica en Enfermer\u00eda<\/li>\n<\/ul>\n\n\n\n<h4 class=\"wp-block-heading\"><span style=\"color: #fffffe;\" class=\"stk-highlight\">Tercer Semestre<\/span><\/h4>\n\n\n\n<ul class=\"wp-block-list\">\n<li>Estad\u00edstica Avanzada<\/li>\n\n\n\n<li>Reingenier\u00eda en Enfermer\u00eda<\/li>\n\n\n\n<li>Estancia Cl\u00ednica I<\/li>\n\n\n\n<li>Estancia Cl\u00ednica II<br><\/li>\n<\/ul>\n<\/div>\n\n\n\n<p><\/p>\n\n\n\n<figure class=\"wp-block-image aligncenter size-large is-resized\"><img loading=\"lazy\" decoding=\"async\" width=\"922\" height=\"1024\" data-attachment-id=\"4819\" data-permalink=\"http:\/\/www.enfermeria.umich.mx\/index.php\/servicio-social-2\/image-3\/\" data-orig-file=\"http:\/\/www.enfermeria.umich.mx\/wp-content\/uploads\/2026\/01\/image-1.png\" data-orig-size=\"2000,2222\" data-comments-opened=\"1\" data-image-meta=\"{&quot;aperture&quot;:&quot;0&quot;,&quot;credit&quot;:&quot;&quot;,&quot;camera&quot;:&quot;&quot;,&quot;caption&quot;:&quot;&quot;,&quot;created_timestamp&quot;:&quot;0&quot;,&quot;copyright&quot;:&quot;&quot;,&quot;focal_length&quot;:&quot;0&quot;,&quot;iso&quot;:&quot;0&quot;,&quot;shutter_speed&quot;:&quot;0&quot;,&quot;title&quot;:&quot;&quot;,&quot;orientation&quot;:&quot;0&quot;}\" data-image-title=\"image\" data-image-description=\"\" data-image-caption=\"\" data-large-file=\"http:\/\/www.enfermeria.umich.mx\/wp-content\/uploads\/2026\/01\/image-1-922x1024.png\" src=\"http:\/\/www.enfermeria.umich.mx\/wp-content\/uploads\/2026\/01\/image-1-922x1024.png\" alt=\"\" class=\"wp-image-4819\" style=\"aspect-ratio:0.9004572634540978;width:40px;height:auto\" srcset=\"http:\/\/www.enfermeria.umich.mx\/wp-content\/uploads\/2026\/01\/image-1-922x1024.png 922w, http:\/\/www.enfermeria.umich.mx\/wp-content\/uploads\/2026\/01\/image-1-270x300.png 270w, http:\/\/www.enfermeria.umich.mx\/wp-content\/uploads\/2026\/01\/image-1.png 2000w\" sizes=\"auto, (max-width: 922px) 100vw, 922px\" \/><\/figure>\n<\/div><\/div><\/div>\n<\/div><\/div>\n\n\n\n<div class=\"wp-block-stackable-divider stk-block-divider stk-block stk-c04038d\" data-block-id=\"c04038d\"><hr class=\"stk-block-divider__hr\"\/><\/div>\n\n\n\n<p><\/p>\n","protected":false},"excerpt":{"rendered":"<p>La Facultad de Enfermer\u00eda de la Universidad Michoacana de San Nicol\u00e1s de Hidalgo impulsa la formaci\u00f3n continua mediante programas de especializaci\u00f3n dise\u00f1ados para atender las demandas actuales del sistema sanitario. Estos programas fortalecen las competencias profesionales, t\u00e9cnicas y humanas del personal, capacit\u00e1ndolo para desempe\u00f1arse en escenarios de alta complejidad con los m\u00e1s altos est\u00e1ndares de &hellip; <\/p>\n<p class=\"link-more\"><a href=\"http:\/\/www.enfermeria.umich.mx\/index.php\/especialidades\/\" class=\"more-link\">Leer m\u00e1s<span class=\"screen-reader-text\"> \u00abEspecialidades\u00bb<\/span><\/a><\/p>\n","protected":false},"author":2,"featured_media":0,"parent":0,"menu_order":0,"comment_status":"closed","ping_status":"closed","template":"","meta":{"inspiro_hide_title":false,"footnotes":""},"class_list":["post-145","page","type-page","status-publish","hentry"],"jetpack_likes_enabled":true,"jetpack_sharing_enabled":true,"_links":{"self":[{"href":"http:\/\/www.enfermeria.umich.mx\/index.php\/wp-json\/wp\/v2\/pages\/145","targetHints":{"allow":["GET"]}}],"collection":[{"href":"http:\/\/www.enfermeria.umich.mx\/index.php\/wp-json\/wp\/v2\/pages"}],"about":[{"href":"http:\/\/www.enfermeria.umich.mx\/index.php\/wp-json\/wp\/v2\/types\/page"}],"author":[{"embeddable":true,"href":"http:\/\/www.enfermeria.umich.mx\/index.php\/wp-json\/wp\/v2\/users\/2"}],"replies":[{"embeddable":true,"href":"http:\/\/www.enfermeria.umich.mx\/index.php\/wp-json\/wp\/v2\/comments?post=145"}],"version-history":[{"count":200,"href":"http:\/\/www.enfermeria.umich.mx\/index.php\/wp-json\/wp\/v2\/pages\/145\/revisions"}],"predecessor-version":[{"id":6297,"href":"http:\/\/www.enfermeria.umich.mx\/index.php\/wp-json\/wp\/v2\/pages\/145\/revisions\/6297"}],"wp:attachment":[{"href":"http:\/\/www.enfermeria.umich.mx\/index.php\/wp-json\/wp\/v2\/media?parent=145"}],"curies":[{"name":"wp","href":"https:\/\/api.w.org\/{rel}","templated":true}]}}